{"id":533,"date":"2016-05-27T12:59:40","date_gmt":"2016-05-27T10:59:40","guid":{"rendered":"http:\/\/yachtclub-sautelersiel.de\/?page_id=533"},"modified":"2025-09-25T10:28:35","modified_gmt":"2025-09-25T08:28:35","slug":"regatten","status":"publish","type":"page","link":"https:\/\/yachtclub-sautelersiel.de\/?page_id=533","title":{"rendered":"Regatten"},"content":{"rendered":"<p>Mitglieder des Yacht-Club Sautelersiel e. V. segelten bei nachfolgenden Wettfahrten:<\/p>\n<hr \/>\n<p><span style=\"color: #0000ff;\"><strong><span style=\"text-decoration: underline;\">2025<\/span><\/strong><\/span><\/p>\n<p><strong>R\u00f6keltour<\/strong><\/p>\n<p><strong>Silverrudder<br \/>\n<\/strong>SAMBA<\/p>\n<p><strong>Traditionsregatta Ditzum<br \/>\n<\/strong>D\u00dcBBELMORS 2<br \/>\nSAMBA<\/p>\n<p><strong>Borkum-Delfzijl-Race<br \/>\n<\/strong>SAMBA: 1e Prijs<\/p>\n<p><strong>Delfzijl-Borkum-Race<\/strong><br \/>\nSAMBA: 3e Prijs<\/p>\n<p><strong>Nordseewoche Helgol\u00e4nder Acht<\/strong><br \/>\nDIETJE LIGHT<\/p>\n<p><strong>Nordseewoche Rund Helgoland<br \/>\n<\/strong>DIETJE LIGHT<\/p>\n<p><strong>Nordseewoche Zubringerregatta Cuxhaven<br \/>\n<\/strong>DIETJE LIGHT<\/p>\n<p><strong>Emsport-Race<\/strong><br \/>\nALCOR, D\u00dcBBELMORS 2, SAMBA<\/p>\n<hr \/>\n<hr \/>\n<p><span style=\"color: #0000ff;\"><strong><span style=\"text-decoration: underline;\">2024<\/span><\/strong><\/span><\/p>\n<p><strong>R\u00f6keltour<\/strong><br \/>\nALCOR, LORK<\/p>\n<p><strong>Traditionsregatta Ditzum<br \/>\n<\/strong>DIETJE LIGHT<\/p>\n<p><strong>International Multihull Meeting Horten<br \/>\n<\/strong>D\u00dcBBELMORS 2<\/p>\n<p><strong>Borkum-Delfzijl-Regatta<\/strong><br \/>\nSAMBA: 5. Platz<\/p>\n<p><strong>Delfzijl-Borkum-Regatta<\/strong><br \/>\nSAMBA: 3. Platz<\/p>\n<p><strong>Pfingstregatta Delfzijl<\/strong><br \/>\nSAMBA: 2. Platz<\/p>\n<p><strong>Emsport-Regatta Oldersum<\/strong><br \/>\nSAMBA: 2. Platz<\/p>\n<hr \/>\n<hr \/>\n<p><span style=\"color: #333399;\"><strong><span style=\"text-decoration: underline;\">2023<\/span><\/strong><\/span><\/p>\n<p><strong>Emsport Race<br \/>\nDelfzijl-Borkum Race<br \/>\nBorkum-Delfzijl Race<br \/>\nHorum Regatta<br \/>\nR\u00f6keltour<\/strong><\/p>\n<hr \/>\n<hr \/>\n<p><span style=\"color: #333399;\"><strong><span style=\"text-decoration: underline;\">2022<\/span><\/strong><\/span><\/p>\n<p><strong>Windmill Race<br \/>\n<\/strong>DIETJE LIGHT: 1. Platz<br \/>\nFLYER: 5. Platz<\/p>\n<p><strong>Hanse\/Dehler Cup Hindeloopen<\/strong><br \/>\nLORK: 1. Platz<\/p>\n<hr \/>\n<hr \/>\n<p><span style=\"color: #333399;\"><strong><span style=\"text-decoration: underline;\">Emspokal 2021<\/span><\/strong><\/span><\/p>\n<p><strong>Gemeinschaftsregatta Leer-Sautelersiel\u00a0<\/strong>ausgefallen<br \/>\n<strong>Traditionsregatta Ditzum <\/strong>ausgefallen<strong><br \/>\n<\/strong><strong>Borkum-Delfzijl Race <\/strong>ausgefallen<br \/>\n<strong>Delfzijl-Borkum Race <\/strong>ausgefallen<br \/>\n<strong>Seestern-Regatta <\/strong>ausgefallen<br \/>\n<strong>Pinksterwedstrijd <\/strong>ausgefallen<br \/>\n<strong>Emsportrace <\/strong>ausgefallen<br \/>\n<strong>Openingwedstrijd <\/strong>ausgefallen<\/p>\n<hr \/>\n<hr \/>\n<p><span style=\"color: #333399;\"><strong><span style=\"text-decoration: underline;\">Emspokal 2020<\/span><\/strong><\/span><\/p>\n<p><strong>Sonnemarace <\/strong>ausgefallen<br \/>\n<strong>Gemeinschaftsregatta Leer-Sautelersiel <\/strong>ausgefallen<br \/>\n<strong>Paap-Geise-Regatta <\/strong>ausgefallen<br \/>\n<strong>Single Handed <\/strong>ausgefallen<br \/>\n<strong>Borkum-Delfzijl Race <\/strong>usgefallen<br \/>\n<strong>Delfzijl-Borkum Race <\/strong>ausgefallen<br \/>\n<strong>Pinksterwedstrijd <\/strong>ausgefallen<br \/>\n<strong>Openingwedstrijd <\/strong>ausgefallen<br \/>\n<strong>Emsportrace <\/strong>ausgefallen<\/p>\n<hr \/>\n<hr \/>\n<p><strong><span style=\"text-decoration: underline; color: #333399;\">Emspokal 2019<\/span><br \/>\n<\/strong><\/p>\n<hr \/>\n<p><strong>R\u00f6keltour<br \/>\n<\/strong>META: 3. Platz<strong><br \/>\n<\/strong><\/p>\n<hr \/>\n<p><strong>Leer-Sautelersiel-Gemeinschaftsregatta<\/strong><br \/>\nALCOR: 4. Platz Klasse 5<br \/>\nDIETJE LIGHT: 3. Platz Klasse 1<br \/>\nD\u00dcBBELMORS 2: DNF Klasse 6<br \/>\nFLYER: 1. Platz Klasse 1<br \/>\nMETA: 3. Platz Klasse 4<\/p>\n<hr \/>\n<p><strong>Borkum-Helgoland-Race<br \/>\n<\/strong>DIETJE LIGHT: DNF<\/p>\n<hr \/>\n<p><strong>Borkum-Delfzijl Race<br \/>\n<\/strong>DIETJE LIGHT: DNF<strong><br \/>\n<\/strong><\/p>\n<hr \/>\n<p><strong>Delfzijl-Borkum Race<br \/>\n<\/strong>DIETJE LIGHT: 4. Platz Klasse3<\/p>\n<hr \/>\n<p><strong>Emsport-Race<\/strong><br \/>\nD\u00dcBBELMORS 2: 4. Platz<\/p>\n<hr \/>\n<hr \/>\n<p><span style=\"text-decoration: underline; color: #333399;\"><strong>Emspokal 2018<\/strong><\/span><\/p>\n<hr \/>\n<p><strong>Traditionsregatta Ditzum<br \/>\n<\/strong>DIETJE LIGHT: 4. Platz Klasse3<\/p>\n<hr \/>\n<p><strong>Borkum-Delfzijl Race<br \/>\n<\/strong>DIETJE LIGHT: Ausbildungsregatta mit Segelnachwuchs von der Seefahrtschule Leer; 5. Platz<\/p>\n<hr \/>\n<p><strong>Delfzijl-Borkum Race<\/strong><br \/>\nDIETJE LIGHT: Ausbildungsregatta mit Segelnachwuchs von der Seefahrtschule Leer; 6. Platz<\/p>\n<hr \/>\n<p><strong>Emsport-Regatta<br \/>\n<\/strong>DIETJE LIGHT: 4. Platz Klasse1<strong><br \/>\n<\/strong><\/p>\n<hr \/>\n<p><strong>Pinksterwedstrijd<\/strong><br \/>\nDIETJE LIGHT:<\/p>\n<hr \/>\n<hr \/>\n<p><strong><span style=\"text-decoration: underline; color: #333399;\">Emspokal 2017<\/span><br \/>\n<\/strong>DIETJE LIGHT: 32 Punkte<strong><br \/>\n<\/strong><\/p>\n<hr \/>\n<p><strong>Traditionsregatta Ditzum<br \/>\n<\/strong>DIETJE LIGHT: 2. Platz Klasse 4<\/p>\n<hr \/>\n<p><strong>Matchrace Regatta Borkum Helgoland<\/strong><br \/>\nDIETJE LIGHT:<\/p>\n<hr \/>\n<p><strong>48. Nordsee-Regatta (Borkum-Riff)<br \/>\n<\/strong>DIETJE LIGHT:<br \/>\nSONES:<\/p>\n<hr \/>\n<p><strong>Borkum-Delfzijl Race<\/strong><br \/>\nDIETJE LIGHT: 7. Platz Klasse\u00a0 Z<\/p>\n<hr \/>\n<p><strong>Delfzijl-Borkum Race<\/strong><br \/>\nDIETJE LIGHT: 7. Platz Klasse\u00a0 Z<\/p>\n<hr \/>\n<p><strong>Emsportregatta<\/strong><br \/>\nDIETJE LIGHT: 4. Platz Klasse 1<\/p>\n<hr \/>\n<hr \/>\n<p><strong><span style=\"text-decoration: underline; color: #333399;\">Emspokal 2016<\/span><br \/>\n<\/strong>DIETJE LIGHT: Platz 4 in Yardstickklasse 1 <strong><br \/>\n<\/strong>FLYER: Platz 8 in Yardstickklasse 1 <strong><br \/>\n<\/strong><\/p>\n<hr \/>\n<p><strong>Sonnema Race<\/strong><br \/>\nLORK: Platz 5 in Klasse Z<\/p>\n<hr \/>\n<p><strong>Gallimarktsregatta<br \/>\n<\/strong>auf FLEITJEPIEPEN<\/p>\n<hr \/>\n<p><strong>Paap-Geise-Regatta<\/strong><br \/>\nauf FLYER: Platz 1<\/p>\n<hr \/>\n<p><strong>Traditionsregatta Ditzum<\/strong><br \/>\nDIETJE LIGHT: Platz 2<\/p>\n<hr \/>\n<p><strong>Emsportregatta<br \/>\n<\/strong>DIETJE LIGHT: Platz 2 von 14 Yachten<\/p>\n<hr \/>\n<p><strong>Borkum-Delfzijl Race<\/strong><br \/>\nDIETJE LIGHT: Platz 3 von 11 Yachten<\/p>\n<hr \/>\n<p><strong>Delfzijl-Borkum Race<\/strong><br \/>\nDIETJE LIGHT: Platz 3 von 11 Yachten<\/p>\n<hr \/>\n<hr \/>\n<p><strong>Borkum-Helgoland<\/strong><span style=\"color: #333399;\"> 2015<\/span><br \/>\nDIESKOPP: Platz 2 von 10 Yachten<br \/>\nDIETJE LIGHT: Platz 3 von 10 Yachten<\/p>\n<hr \/>\n<p><a href=\"https:\/\/wassersportjahrbuch.de\/regatten\/\" target=\"_blank\" rel=\"noopener\"><strong><br \/>\nRegattatermine<\/strong> im Emsrevier<\/a><\/p>\n<p>Die Regattasegler melden ihre Teilnahme mit Ergebnis bitte an: <em>buero@yachtclub-sautelersiel.de\u00a0 <\/em><\/p>\n","protected":false},"excerpt":{"rendered":"<p>Mitglieder des Yacht-Club Sautelersiel e. V. segelten bei nachfolgenden Wettfahrten: 2025 R\u00f6keltour Silverrudder SAMBA Traditionsregatta Ditzum D\u00dcBBELMORS 2 SAMBA Borkum-Delfzijl-Race SAMBA: 1e Prijs Delfzijl-Borkum-Race SAMBA: 3e Prijs Nordseewoche Helgol\u00e4nder Acht DIETJE LIGHT Nordseewoche Rund Helgoland DIETJE LIGHT Nordseewoche Zubringerregatta Cuxhaven DIETJE LIGHT Emsport-Race ALCOR, D\u00dcBBELMORS 2, SAMBA 2024 R\u00f6keltour ALCOR, LORK Traditionsregatta Ditzum DIETJE LIGHT [&hellip;]<\/p>\n","protected":false},"author":1,"featured_media":0,"parent":0,"menu_order":4,"comment_status":"closed","ping_status":"closed","template":"","meta":{"footnotes":""},"class_list":["post-533","page","type-page","status-publish","hentry"],"_links":{"self":[{"href":"https:\/\/yachtclub-sautelersiel.de\/index.php?rest_route=\/wp\/v2\/pages\/533","targetHints":{"allow":["GET"]}}],"collection":[{"href":"https:\/\/yachtclub-sautelersiel.de\/index.php?rest_route=\/wp\/v2\/pages"}],"about":[{"href":"https:\/\/yachtclub-sautelersiel.de\/index.php?rest_route=\/wp\/v2\/types\/page"}],"author":[{"embeddable":true,"href":"https:\/\/yachtclub-sautelersiel.de\/index.php?rest_route=\/wp\/v2\/users\/1"}],"replies":[{"embeddable":true,"href":"https:\/\/yachtclub-sautelersiel.de\/index.php?rest_route=%2Fwp%2Fv2%2Fcomments&post=533"}],"version-history":[{"count":41,"href":"https:\/\/yachtclub-sautelersiel.de\/index.php?rest_route=\/wp\/v2\/pages\/533\/revisions"}],"predecessor-version":[{"id":840,"href":"https:\/\/yachtclub-sautelersiel.de\/index.php?rest_route=\/wp\/v2\/pages\/533\/revisions\/840"}],"wp:attachment":[{"href":"https:\/\/yachtclub-sautelersiel.de\/index.php?rest_route=%2Fwp%2Fv2%2Fmedia&parent=533"}],"curies":[{"name":"wp","href":"https:\/\/api.w.org\/{rel}","templated":true}]}}